{"id":258,"date":"2018-12-18T12:43:55","date_gmt":"2018-12-18T11:43:55","guid":{"rendered":"http:\/\/karateclubmenucourt.fr\/?page_id=258"},"modified":"2026-08-27T14:20:06","modified_gmt":"2026-08-27T12:20:06","slug":"horaires-et-tarifs","status":"publish","type":"page","link":"https:\/\/karateclubmenucourt.fr\/index.php\/horaires-et-tarifs\/","title":{"rendered":"Horaires et Tarifs 2026-2027"},"content":{"rendered":"\n<p class=\"wp-block-paragraph\">Les horaires des cours collectifs ainsi que les tarifs pour la saison 2026-2027 du KARAT\u00c9 CLUB MENUCOURT seront les suivants :<\/p>\n\n\n\n<figure class=\"wp-block-image size-large\"><img data-recalc-dims=\"1\" loading=\"lazy\" decoding=\"async\" width=\"530\" height=\"374\" src=\"https:\/\/i0.wp.com\/karateclubmenucourt.fr\/wp-content\/uploads\/2026\/08\/KCM-Flyer-A5-4-2-pdf.jpg?resize=530%2C374&#038;ssl=1\" alt=\"\" class=\"wp-image-1715\"\/><\/figure>\n\n\n\n<p class=\"wp-block-paragraph\"><strong>INSCRIPTIONS :<\/strong><\/p>\n\n\n\n<p class=\"wp-block-paragraph\">Vous pourrez d\u00e9poser votre dossier soit lors de la <strong>journ\u00e9e des associations<\/strong> qui se d\u00e9roulera au COSEC de Menucourt le <strong>5 Septembre 2026<\/strong>, ou lors de la reprise des cours aupr\u00e8s d&rsquo;un membre du bureau.<\/p>\n\n\n\n<p class=\"has-white-background-color has-text-color has-background wp-block-paragraph\" style=\"color:#00518e\"><strong>L&rsquo;inscription en cours d&rsquo;ann\u00e9e est \u00e9galement possible (tarifs d\u00e9gressifs selon la date d&rsquo;arriv\u00e9e de l&rsquo;adh\u00e9rent).<\/strong><\/p>\n\n\n\n<p class=\"wp-block-paragraph\">Au plaisir de vous retrouver sur le tatami !! \ud83d\ude09<\/p>\n\n\n\n<p class=\"wp-block-paragraph\"><\/p>\n","protected":false},"excerpt":{"rendered":"<p>Les horaires des cours collectifs ainsi que les tarifs pour la saison 2026-2027 du KARAT\u00c9 CLUB MENUCOURT seront les suivants : INSCRIPTIONS : Vous pourrez d\u00e9poser votre dossier soit lors de la journ\u00e9e des associations qui se d\u00e9roulera au COSEC <a class=\"more-link\" href=\"https:\/\/karateclubmenucourt.fr\/index.php\/horaires-et-tarifs\/\">Continuer la lecture <span class=\"screen-reader-text\">  Horaires et Tarifs 2026-2027<\/span><span class=\"meta-nav\">&rarr;<\/span><\/a><\/p>\n","protected":false},"author":1,"featured_media":0,"parent":0,"menu_order":0,"comment_status":"closed","ping_status":"closed","template":"","meta":{"footnotes":""},"class_list":["post-258","page","type-page","status-publish","hentry"],"jetpack_sharing_enabled":true,"_links":{"self":[{"href":"https:\/\/karateclubmenucourt.fr\/index.php\/wp-json\/wp\/v2\/pages\/258","targetHints":{"allow":["GET"]}}],"collection":[{"href":"https:\/\/karateclubmenucourt.fr\/index.php\/wp-json\/wp\/v2\/pages"}],"about":[{"href":"https:\/\/karateclubmenucourt.fr\/index.php\/wp-json\/wp\/v2\/types\/page"}],"author":[{"embeddable":true,"href":"https:\/\/karateclubmenucourt.fr\/index.php\/wp-json\/wp\/v2\/users\/1"}],"replies":[{"embeddable":true,"href":"https:\/\/karateclubmenucourt.fr\/index.php\/wp-json\/wp\/v2\/comments?post=258"}],"version-history":[{"count":29,"href":"https:\/\/karateclubmenucourt.fr\/index.php\/wp-json\/wp\/v2\/pages\/258\/revisions"}],"predecessor-version":[{"id":1716,"href":"https:\/\/karateclubmenucourt.fr\/index.php\/wp-json\/wp\/v2\/pages\/258\/revisions\/1716"}],"wp:attachment":[{"href":"https:\/\/karateclubmenucourt.fr\/index.php\/wp-json\/wp\/v2\/media?parent=258"}],"curies":[{"name":"wp","href":"https:\/\/api.w.org\/{rel}","templated":true}]}}